
{"id":11810,"date":"2019-04-14T17:15:55","date_gmt":"2019-04-14T15:15:55","guid":{"rendered":"http:\/\/www.rezeau.org\/wp-garden\/?page_id=11810"},"modified":"2023-06-12T23:29:22","modified_gmt":"2023-06-12T21:29:22","slug":"images-du-parc-botanique-de-haute-bretagne-avril-2019-hanami","status":"publish","type":"page","link":"https:\/\/www.rezeau.org\/wp-garden\/fr\/images-du-parc-botanique-de-haute-bretagne-avril-2019-hanami\/","title":{"rendered":"Images du Parc Botanique de Haute Bretagne &#8211; avril 2019 (Hanami)"},"content":{"rendered":"\n<p>Cliquez sur les vignettes pour voir les images plein format, puis sur les fl\u00e8ches \u00e0 droite ou \u00e0 gauche des photos pour vous d\u00e9placer dans le diaporama&#8230;<br><\/p>\n\n\n<style type=\"text\/css\">\n#foogallery-gallery-11809 .fg-image { width: 100px; }\n#foogallery-gallery-11809 { --fg-gutter: 10px; }<\/style>\n\t\t\t<div class=\"foogallery foogallery-container foogallery-default foogallery-lightbox-none fg-left fg-default fg-ready fg-light fg-border-thin fg-shadow-outline fg-loading-default fg-loaded-fade-in fg-hover-fade fg-hover-zoom\" id=\"foogallery-gallery-11809\" data-foogallery=\"{&quot;item&quot;:{&quot;showCaptionTitle&quot;:true,&quot;showCaptionDescription&quot;:true},&quot;lazy&quot;:true}\" style=\"--fg-title-line-clamp: 0; --fg-description-line-clamp: 0;\" >\n\t<div class=\"fg-item fg-type-image fg-idle\"><figure class=\"fg-item-inner\"><a href=\"https:\/\/www.rezeau.org\/wp-garden\/wp-content\/uploads\/visite-du-13-04-2019.jpg\" data-caption-title=\"&lt;em&gt;Visite du&lt;\/em&gt; 13\/04\/2019\" data-caption-desc=\"Parc Floral Haute Bretagne avril 2019\" data-attachment-id=\"11776\" data-type=\"image\" class=\"fg-thumb\" rel=\"lightbox[11810]\"><span class=\"fg-image-wrap\"><img decoding=\"async\" alt=\"Parc Floral Haute Bretagne avril 2019\" title=\"&lt;em&gt;Visite du&lt;\/em&gt; 13\/04\/2019\" width=\"100\" height=\"100\" class=\"skip-lazy fg-image\" data-src-fg=\"https:\/\/www.rezeau.org\/wp-garden\/wp-content\/uploads\/cache\/visite-du-13-04-2019\/3605471248.jpg\" src=\"data:image\/svg+xml,%3Csvg%20xmlns%3D%22http%3A%2F%2Fwww.w3.org%2F2000%2Fsvg%22%20width%3D%22100%22%20height%3D%22100%22%20viewBox%3D%220%200%20100%20100%22%3E%3C%2Fsvg%3E\" loading=\"eager\"><\/span><span class=\"fg-image-overlay\"><\/span><\/a><figcaption class=\"fg-caption\"><div class=\"fg-caption-inner\"><div class=\"fg-caption-title\"><em>Visite du<\/em> 13\/04\/2019<\/div><div class=\"fg-caption-desc\">Parc Floral Haute Bretagne avril 2019<\/div><\/div><\/figcaption><\/figure><div class=\"fg-loader\"><\/div><\/div><div class=\"fg-item fg-type-image fg-idle\"><figure class=\"fg-item-inner\"><a href=\"https:\/\/www.rezeau.org\/wp-garden\/wp-content\/uploads\/visite-du-13-04-2019-2.jpg\" data-caption-title=\"&lt;em&gt;Visite du&lt;\/em&gt; 13\/04\/2019\" data-caption-desc=\"Parc Floral Haute Bretagne avril 2019\" data-attachment-id=\"11777\" data-type=\"image\" class=\"fg-thumb\" rel=\"lightbox[11810]\"><span class=\"fg-image-wrap\"><img decoding=\"async\" alt=\"Parc Floral Haute Bretagne avril 2019\" title=\"&lt;em&gt;Visite du&lt;\/em&gt; 13\/04\/2019\" width=\"100\" height=\"100\" class=\"skip-lazy fg-image\" data-src-fg=\"https:\/\/www.rezeau.org\/wp-garden\/wp-content\/uploads\/cache\/visite-du-13-04-2019-2\/1716943401.jpg\" src=\"data:image\/svg+xml,%3Csvg%20xmlns%3D%22http%3A%2F%2Fwww.w3.org%2F2000%2Fsvg%22%20width%3D%22100%22%20height%3D%22100%22%20viewBox%3D%220%200%20100%20100%22%3E%3C%2Fsvg%3E\" loading=\"eager\"><\/span><span class=\"fg-image-overlay\"><\/span><\/a><figcaption class=\"fg-caption\"><div class=\"fg-caption-inner\"><div class=\"fg-caption-title\"><em>Visite du<\/em> 13\/04\/2019<\/div><div class=\"fg-caption-desc\">Parc Floral Haute Bretagne avril 2019<\/div><\/div><\/figcaption><\/figure><div class=\"fg-loader\"><\/div><\/div><div class=\"fg-item fg-type-image fg-idle\"><figure class=\"fg-item-inner\"><a href=\"https:\/\/www.rezeau.org\/wp-garden\/wp-content\/uploads\/visite-du-13-04-2019-3.jpg\" data-caption-title=\"&lt;em&gt;visite du&lt;\/em&gt; 13\/04\/2019\" data-caption-desc=\"Parc Floral Haute Bretagne avril 2019\" data-attachment-id=\"11778\" data-type=\"image\" class=\"fg-thumb\" rel=\"lightbox[11810]\"><span class=\"fg-image-wrap\"><img decoding=\"async\" alt=\"Parc Floral Haute Bretagne avril 2019\" title=\"&lt;em&gt;visite du&lt;\/em&gt; 13\/04\/2019\" width=\"100\" height=\"100\" class=\"skip-lazy fg-image\" data-src-fg=\"https:\/\/www.rezeau.org\/wp-garden\/wp-content\/uploads\/cache\/visite-du-13-04-2019-3\/2624737318.jpg\" src=\"data:image\/svg+xml,%3Csvg%20xmlns%3D%22http%3A%2F%2Fwww.w3.org%2F2000%2Fsvg%22%20width%3D%22100%22%20height%3D%22100%22%20viewBox%3D%220%200%20100%20100%22%3E%3C%2Fsvg%3E\" loading=\"eager\"><\/span><span class=\"fg-image-overlay\"><\/span><\/a><figcaption class=\"fg-caption\"><div class=\"fg-caption-inner\"><div class=\"fg-caption-title\"><em>visite du<\/em> 13\/04\/2019<\/div><div class=\"fg-caption-desc\">Parc Floral Haute Bretagne avril 2019<\/div><\/div><\/figcaption><\/figure><div class=\"fg-loader\"><\/div><\/div><div class=\"fg-item fg-type-image fg-idle\"><figure class=\"fg-item-inner\"><a href=\"https:\/\/www.rezeau.org\/wp-garden\/wp-content\/uploads\/visite-du-13-04-2019-4.jpg\" data-caption-title=\"&lt;em&gt;visite du&lt;\/em&gt; 13\/04\/2019\" data-caption-desc=\"Parc Floral Haute Bretagne avril 2019\" data-attachment-id=\"11779\" data-type=\"image\" class=\"fg-thumb\" rel=\"lightbox[11810]\"><span class=\"fg-image-wrap\"><img decoding=\"async\" alt=\"Parc Floral Haute Bretagne avril 2019\" title=\"&lt;em&gt;visite du&lt;\/em&gt; 13\/04\/2019\" width=\"100\" height=\"100\" class=\"skip-lazy fg-image\" data-src-fg=\"https:\/\/www.rezeau.org\/wp-garden\/wp-content\/uploads\/cache\/visite-du-13-04-2019-4\/1211146902.jpg\" src=\"data:image\/svg+xml,%3Csvg%20xmlns%3D%22http%3A%2F%2Fwww.w3.org%2F2000%2Fsvg%22%20width%3D%22100%22%20height%3D%22100%22%20viewBox%3D%220%200%20100%20100%22%3E%3C%2Fsvg%3E\" loading=\"eager\"><\/span><span class=\"fg-image-overlay\"><\/span><\/a><figcaption class=\"fg-caption\"><div class=\"fg-caption-inner\"><div class=\"fg-caption-title\"><em>visite du<\/em> 13\/04\/2019<\/div><div class=\"fg-caption-desc\">Parc Floral Haute Bretagne avril 2019<\/div><\/div><\/figcaption><\/figure><div class=\"fg-loader\"><\/div><\/div><div class=\"fg-item fg-type-image fg-idle\"><figure class=\"fg-item-inner\"><a href=\"https:\/\/www.rezeau.org\/wp-garden\/wp-content\/uploads\/visite-du-13-04-2019-5.jpg\" data-caption-title=\"&lt;em&gt;visite du&lt;\/em&gt; 13\/04\/2019\" data-caption-desc=\"Parc Floral Haute Bretagne avril 2019\" data-attachment-id=\"11780\" data-type=\"image\" class=\"fg-thumb\" rel=\"lightbox[11810]\"><span class=\"fg-image-wrap\"><img decoding=\"async\" alt=\"Parc Floral Haute Bretagne avril 2019\" title=\"&lt;em&gt;visite du&lt;\/em&gt; 13\/04\/2019\" width=\"100\" height=\"100\" class=\"skip-lazy fg-image\" data-src-fg=\"https:\/\/www.rezeau.org\/wp-garden\/wp-content\/uploads\/cache\/visite-du-13-04-2019-5\/2678699604.jpg\" src=\"data:image\/svg+xml,%3Csvg%20xmlns%3D%22http%3A%2F%2Fwww.w3.org%2F2000%2Fsvg%22%20width%3D%22100%22%20height%3D%22100%22%20viewBox%3D%220%200%20100%20100%22%3E%3C%2Fsvg%3E\" loading=\"eager\"><\/span><span class=\"fg-image-overlay\"><\/span><\/a><figcaption class=\"fg-caption\"><div class=\"fg-caption-inner\"><div class=\"fg-caption-title\"><em>visite du<\/em> 13\/04\/2019<\/div><div class=\"fg-caption-desc\">Parc Floral Haute Bretagne avril 2019<\/div><\/div><\/figcaption><\/figure><div class=\"fg-loader\"><\/div><\/div><div class=\"fg-item fg-type-image fg-idle\"><figure class=\"fg-item-inner\"><a href=\"https:\/\/www.rezeau.org\/wp-garden\/wp-content\/uploads\/visite-du-13-04-2019-6.jpg\" data-caption-title=\"&lt;em&gt;visite du&lt;\/em&gt; 13\/04\/2019\" data-caption-desc=\"Parc Floral Haute Bretagne avril 2019\" data-attachment-id=\"11781\" data-type=\"image\" class=\"fg-thumb\" rel=\"lightbox[11810]\"><span class=\"fg-image-wrap\"><img decoding=\"async\" alt=\"Parc Floral Haute Bretagne avril 2019\" title=\"&lt;em&gt;visite du&lt;\/em&gt; 13\/04\/2019\" width=\"100\" height=\"100\" class=\"skip-lazy fg-image\" data-src-fg=\"https:\/\/www.rezeau.org\/wp-garden\/wp-content\/uploads\/cache\/visite-du-13-04-2019-6\/3483453982.jpg\" src=\"data:image\/svg+xml,%3Csvg%20xmlns%3D%22http%3A%2F%2Fwww.w3.org%2F2000%2Fsvg%22%20width%3D%22100%22%20height%3D%22100%22%20viewBox%3D%220%200%20100%20100%22%3E%3C%2Fsvg%3E\" loading=\"eager\"><\/span><span class=\"fg-image-overlay\"><\/span><\/a><figcaption class=\"fg-caption\"><div class=\"fg-caption-inner\"><div class=\"fg-caption-title\"><em>visite du<\/em> 13\/04\/2019<\/div><div class=\"fg-caption-desc\">Parc Floral Haute Bretagne avril 2019<\/div><\/div><\/figcaption><\/figure><div class=\"fg-loader\"><\/div><\/div><div class=\"fg-item fg-type-image fg-idle\"><figure class=\"fg-item-inner\"><a href=\"https:\/\/www.rezeau.org\/wp-garden\/wp-content\/uploads\/visite-du-13-04-2019-7.jpg\" data-caption-title=\"&lt;em&gt;visite du&lt;\/em&gt; 13\/04\/2019\" data-caption-desc=\"Parc Floral Haute Bretagne avril 2019\" data-attachment-id=\"11782\" data-type=\"image\" class=\"fg-thumb\" rel=\"lightbox[11810]\"><span class=\"fg-image-wrap\"><img decoding=\"async\" alt=\"Parc Floral Haute Bretagne avril 2019\" title=\"&lt;em&gt;visite du&lt;\/em&gt; 13\/04\/2019\" width=\"100\" height=\"100\" class=\"skip-lazy fg-image\" data-src-fg=\"https:\/\/www.rezeau.org\/wp-garden\/wp-content\/uploads\/cache\/visite-du-13-04-2019-7\/3153215546.jpg\" src=\"data:image\/svg+xml,%3Csvg%20xmlns%3D%22http%3A%2F%2Fwww.w3.org%2F2000%2Fsvg%22%20width%3D%22100%22%20height%3D%22100%22%20viewBox%3D%220%200%20100%20100%22%3E%3C%2Fsvg%3E\" loading=\"eager\"><\/span><span class=\"fg-image-overlay\"><\/span><\/a><figcaption class=\"fg-caption\"><div class=\"fg-caption-inner\"><div class=\"fg-caption-title\"><em>visite du<\/em> 13\/04\/2019<\/div><div class=\"fg-caption-desc\">Parc Floral Haute Bretagne avril 2019<\/div><\/div><\/figcaption><\/figure><div class=\"fg-loader\"><\/div><\/div><div class=\"fg-item fg-type-image fg-idle\"><figure class=\"fg-item-inner\"><a href=\"https:\/\/www.rezeau.org\/wp-garden\/wp-content\/uploads\/visite-du-13-04-2019-8.jpg\" data-caption-title=\"&lt;em&gt;visite du&lt;\/em&gt; 13\/04\/2019\" data-caption-desc=\"Parc Floral Haute Bretagne avril 2019\" data-attachment-id=\"11783\" data-type=\"image\" class=\"fg-thumb\" rel=\"lightbox[11810]\"><span class=\"fg-image-wrap\"><img decoding=\"async\" alt=\"Parc Floral Haute Bretagne avril 2019\" title=\"&lt;em&gt;visite du&lt;\/em&gt; 13\/04\/2019\" width=\"100\" height=\"100\" class=\"skip-lazy fg-image\" data-src-fg=\"https:\/\/www.rezeau.org\/wp-garden\/wp-content\/uploads\/cache\/visite-du-13-04-2019-8\/3159730495.jpg\" src=\"data:image\/svg+xml,%3Csvg%20xmlns%3D%22http%3A%2F%2Fwww.w3.org%2F2000%2Fsvg%22%20width%3D%22100%22%20height%3D%22100%22%20viewBox%3D%220%200%20100%20100%22%3E%3C%2Fsvg%3E\" loading=\"eager\"><\/span><span class=\"fg-image-overlay\"><\/span><\/a><figcaption class=\"fg-caption\"><div class=\"fg-caption-inner\"><div class=\"fg-caption-title\"><em>visite du<\/em> 13\/04\/2019<\/div><div class=\"fg-caption-desc\">Parc Floral Haute Bretagne avril 2019<\/div><\/div><\/figcaption><\/figure><div class=\"fg-loader\"><\/div><\/div><div class=\"fg-item fg-type-image fg-idle\"><figure class=\"fg-item-inner\"><a href=\"https:\/\/www.rezeau.org\/wp-garden\/wp-content\/uploads\/visite-du-13-04-2019-9.jpg\" data-caption-title=\"&lt;em&gt;visite du&lt;\/em&gt; 13\/04\/2019\" data-caption-desc=\"Parc Floral Haute Bretagne avril 2019\" data-attachment-id=\"11784\" data-type=\"image\" class=\"fg-thumb\" rel=\"lightbox[11810]\"><span class=\"fg-image-wrap\"><img decoding=\"async\" alt=\"Parc Floral Haute Bretagne avril 2019\" title=\"&lt;em&gt;visite du&lt;\/em&gt; 13\/04\/2019\" width=\"100\" height=\"100\" class=\"skip-lazy fg-image\" data-src-fg=\"https:\/\/www.rezeau.org\/wp-garden\/wp-content\/uploads\/cache\/visite-du-13-04-2019-9\/83575101.jpg\" src=\"data:image\/svg+xml,%3Csvg%20xmlns%3D%22http%3A%2F%2Fwww.w3.org%2F2000%2Fsvg%22%20width%3D%22100%22%20height%3D%22100%22%20viewBox%3D%220%200%20100%20100%22%3E%3C%2Fsvg%3E\" loading=\"eager\"><\/span><span class=\"fg-image-overlay\"><\/span><\/a><figcaption class=\"fg-caption\"><div class=\"fg-caption-inner\"><div class=\"fg-caption-title\"><em>visite du<\/em> 13\/04\/2019<\/div><div class=\"fg-caption-desc\">Parc Floral Haute Bretagne avril 2019<\/div><\/div><\/figcaption><\/figure><div class=\"fg-loader\"><\/div><\/div><div class=\"fg-item fg-type-image fg-idle\"><figure class=\"fg-item-inner\"><a href=\"https:\/\/www.rezeau.org\/wp-garden\/wp-content\/uploads\/visite-du-13-04-2019-10.jpg\" data-caption-title=\"&lt;em&gt;visite du&lt;\/em&gt; 13\/04\/2019\" data-caption-desc=\"Parc Floral Haute Bretagne avril 2019\" data-attachment-id=\"11785\" data-type=\"image\" class=\"fg-thumb\" rel=\"lightbox[11810]\"><span class=\"fg-image-wrap\"><img decoding=\"async\" alt=\"Parc Floral Haute Bretagne avril 2019\" title=\"&lt;em&gt;visite du&lt;\/em&gt; 13\/04\/2019\" width=\"100\" height=\"100\" class=\"skip-lazy fg-image\" data-src-fg=\"https:\/\/www.rezeau.org\/wp-garden\/wp-content\/uploads\/cache\/visite-du-13-04-2019-10\/3733425049.jpg\" src=\"data:image\/svg+xml,%3Csvg%20xmlns%3D%22http%3A%2F%2Fwww.w3.org%2F2000%2Fsvg%22%20width%3D%22100%22%20height%3D%22100%22%20viewBox%3D%220%200%20100%20100%22%3E%3C%2Fsvg%3E\" loading=\"eager\"><\/span><span class=\"fg-image-overlay\"><\/span><\/a><figcaption class=\"fg-caption\"><div class=\"fg-caption-inner\"><div class=\"fg-caption-title\"><em>visite du<\/em> 13\/04\/2019<\/div><div class=\"fg-caption-desc\">Parc Floral Haute Bretagne avril 2019<\/div><\/div><\/figcaption><\/figure><div class=\"fg-loader\"><\/div><\/div><div class=\"fg-item fg-type-image fg-idle\"><figure class=\"fg-item-inner\"><a href=\"https:\/\/www.rezeau.org\/wp-garden\/wp-content\/uploads\/visite-du-13-04-2019-11.jpg\" data-caption-title=\"&lt;em&gt;visite du&lt;\/em&gt; 13\/04\/2019\" data-caption-desc=\"Parc Floral Haute Bretagne avril 2019\" data-attachment-id=\"11786\" data-type=\"image\" class=\"fg-thumb\" rel=\"lightbox[11810]\"><span class=\"fg-image-wrap\"><img decoding=\"async\" alt=\"Parc Floral Haute Bretagne avril 2019\" title=\"&lt;em&gt;visite du&lt;\/em&gt; 13\/04\/2019\" width=\"100\" height=\"100\" class=\"skip-lazy fg-image\" data-src-fg=\"https:\/\/www.rezeau.org\/wp-garden\/wp-content\/uploads\/cache\/visite-du-13-04-2019-11\/958474399.jpg\" src=\"data:image\/svg+xml,%3Csvg%20xmlns%3D%22http%3A%2F%2Fwww.w3.org%2F2000%2Fsvg%22%20width%3D%22100%22%20height%3D%22100%22%20viewBox%3D%220%200%20100%20100%22%3E%3C%2Fsvg%3E\" loading=\"eager\"><\/span><span class=\"fg-image-overlay\"><\/span><\/a><figcaption class=\"fg-caption\"><div class=\"fg-caption-inner\"><div class=\"fg-caption-title\"><em>visite du<\/em> 13\/04\/2019<\/div><div class=\"fg-caption-desc\">Parc Floral Haute Bretagne avril 2019<\/div><\/div><\/figcaption><\/figure><div class=\"fg-loader\"><\/div><\/div><div class=\"fg-item fg-type-image fg-idle\"><figure class=\"fg-item-inner\"><a href=\"https:\/\/www.rezeau.org\/wp-garden\/wp-content\/uploads\/visite-du-13-04-2019-12.jpg\" data-caption-title=\"&lt;em&gt;visite du&lt;\/em&gt; 13\/04\/2019\" data-caption-desc=\"Parc Floral Haute Bretagne avril 2019\" data-attachment-id=\"11787\" data-type=\"image\" class=\"fg-thumb\" rel=\"lightbox[11810]\"><span class=\"fg-image-wrap\"><img decoding=\"async\" alt=\"Parc Floral Haute Bretagne avril 2019\" title=\"&lt;em&gt;visite du&lt;\/em&gt; 13\/04\/2019\" width=\"100\" height=\"100\" class=\"skip-lazy fg-image\" data-src-fg=\"https:\/\/www.rezeau.org\/wp-garden\/wp-content\/uploads\/cache\/visite-du-13-04-2019-12\/410694603.jpg\" src=\"data:image\/svg+xml,%3Csvg%20xmlns%3D%22http%3A%2F%2Fwww.w3.org%2F2000%2Fsvg%22%20width%3D%22100%22%20height%3D%22100%22%20viewBox%3D%220%200%20100%20100%22%3E%3C%2Fsvg%3E\" loading=\"eager\"><\/span><span class=\"fg-image-overlay\"><\/span><\/a><figcaption class=\"fg-caption\"><div class=\"fg-caption-inner\"><div class=\"fg-caption-title\"><em>visite du<\/em> 13\/04\/2019<\/div><div class=\"fg-caption-desc\">Parc Floral Haute Bretagne avril 2019<\/div><\/div><\/figcaption><\/figure><div class=\"fg-loader\"><\/div><\/div><div class=\"fg-item fg-type-image fg-idle\"><figure class=\"fg-item-inner\"><a href=\"https:\/\/www.rezeau.org\/wp-garden\/wp-content\/uploads\/visite-du-13-04-2019-13.jpg\" data-caption-title=\"&lt;em&gt;visite du&lt;\/em&gt; 13\/04\/2019\" data-caption-desc=\"Parc Floral Haute Bretagne avril 2019\" data-attachment-id=\"11788\" data-type=\"image\" class=\"fg-thumb\" rel=\"lightbox[11810]\"><span class=\"fg-image-wrap\"><img decoding=\"async\" alt=\"Parc Floral Haute Bretagne avril 2019\" title=\"&lt;em&gt;visite du&lt;\/em&gt; 13\/04\/2019\" width=\"100\" height=\"100\" class=\"skip-lazy fg-image\" data-src-fg=\"https:\/\/www.rezeau.org\/wp-garden\/wp-content\/uploads\/cache\/visite-du-13-04-2019-13\/1408147117.jpg\" src=\"data:image\/svg+xml,%3Csvg%20xmlns%3D%22http%3A%2F%2Fwww.w3.org%2F2000%2Fsvg%22%20width%3D%22100%22%20height%3D%22100%22%20viewBox%3D%220%200%20100%20100%22%3E%3C%2Fsvg%3E\" loading=\"eager\"><\/span><span class=\"fg-image-overlay\"><\/span><\/a><figcaption class=\"fg-caption\"><div class=\"fg-caption-inner\"><div class=\"fg-caption-title\"><em>visite du<\/em> 13\/04\/2019<\/div><div class=\"fg-caption-desc\">Parc Floral Haute Bretagne avril 2019<\/div><\/div><\/figcaption><\/figure><div class=\"fg-loader\"><\/div><\/div><div class=\"fg-item fg-type-image fg-idle\"><figure class=\"fg-item-inner\"><a href=\"https:\/\/www.rezeau.org\/wp-garden\/wp-content\/uploads\/visite-du-13-04-2019-15.jpg\" data-caption-title=\"&lt;em&gt;visite du&lt;\/em&gt; 13\/04\/2019\" data-caption-desc=\"Parc Floral Haute Bretagne avril 2019\" data-attachment-id=\"11790\" data-type=\"image\" class=\"fg-thumb\" rel=\"lightbox[11810]\"><span class=\"fg-image-wrap\"><img decoding=\"async\" alt=\"Parc Floral Haute Bretagne avril 2019\" title=\"&lt;em&gt;visite du&lt;\/em&gt; 13\/04\/2019\" width=\"100\" height=\"100\" class=\"skip-lazy fg-image\" data-src-fg=\"https:\/\/www.rezeau.org\/wp-garden\/wp-content\/uploads\/cache\/visite-du-13-04-2019-15\/3201864678.jpg\" src=\"data:image\/svg+xml,%3Csvg%20xmlns%3D%22http%3A%2F%2Fwww.w3.org%2F2000%2Fsvg%22%20width%3D%22100%22%20height%3D%22100%22%20viewBox%3D%220%200%20100%20100%22%3E%3C%2Fsvg%3E\" loading=\"eager\"><\/span><span class=\"fg-image-overlay\"><\/span><\/a><figcaption class=\"fg-caption\"><div class=\"fg-caption-inner\"><div class=\"fg-caption-title\"><em>visite du<\/em> 13\/04\/2019<\/div><div class=\"fg-caption-desc\">Parc Floral Haute Bretagne avril 2019<\/div><\/div><\/figcaption><\/figure><div class=\"fg-loader\"><\/div><\/div><div class=\"fg-item fg-type-image fg-idle\"><figure class=\"fg-item-inner\"><a href=\"https:\/\/www.rezeau.org\/wp-garden\/wp-content\/uploads\/visite-du-13-04-2019-16.jpg\" data-caption-title=\"&lt;em&gt;visite du&lt;\/em&gt; 13\/04\/2019\" data-caption-desc=\"Parc Floral Haute Bretagne avril 2019\" data-attachment-id=\"11791\" data-type=\"image\" class=\"fg-thumb\" rel=\"lightbox[11810]\"><span class=\"fg-image-wrap\"><img decoding=\"async\" alt=\"Parc Floral Haute Bretagne avril 2019\" title=\"&lt;em&gt;visite du&lt;\/em&gt; 13\/04\/2019\" width=\"100\" height=\"100\" class=\"skip-lazy fg-image\" data-src-fg=\"https:\/\/www.rezeau.org\/wp-garden\/wp-content\/uploads\/cache\/visite-du-13-04-2019-16\/2676164786.jpg\" src=\"data:image\/svg+xml,%3Csvg%20xmlns%3D%22http%3A%2F%2Fwww.w3.org%2F2000%2Fsvg%22%20width%3D%22100%22%20height%3D%22100%22%20viewBox%3D%220%200%20100%20100%22%3E%3C%2Fsvg%3E\" loading=\"eager\"><\/span><span class=\"fg-image-overlay\"><\/span><\/a><figcaption class=\"fg-caption\"><div class=\"fg-caption-inner\"><div class=\"fg-caption-title\"><em>visite du<\/em> 13\/04\/2019<\/div><div class=\"fg-caption-desc\">Parc Floral Haute Bretagne avril 2019<\/div><\/div><\/figcaption><\/figure><div class=\"fg-loader\"><\/div><\/div><div class=\"fg-item fg-type-image fg-idle\"><figure class=\"fg-item-inner\"><a href=\"https:\/\/www.rezeau.org\/wp-garden\/wp-content\/uploads\/visite-du-13-04-2019-17.jpg\" data-caption-title=\"&lt;em&gt;visite du&lt;\/em&gt; 13\/04\/2019\" data-caption-desc=\"Parc Floral Haute Bretagne avril 2019\" data-attachment-id=\"11792\" data-type=\"image\" class=\"fg-thumb\" rel=\"lightbox[11810]\"><span class=\"fg-image-wrap\"><img decoding=\"async\" alt=\"Parc Floral Haute Bretagne avril 2019\" title=\"&lt;em&gt;visite du&lt;\/em&gt; 13\/04\/2019\" width=\"100\" height=\"100\" class=\"skip-lazy fg-image\" data-src-fg=\"https:\/\/www.rezeau.org\/wp-garden\/wp-content\/uploads\/cache\/visite-du-13-04-2019-17\/2015734708.jpg\" src=\"data:image\/svg+xml,%3Csvg%20xmlns%3D%22http%3A%2F%2Fwww.w3.org%2F2000%2Fsvg%22%20width%3D%22100%22%20height%3D%22100%22%20viewBox%3D%220%200%20100%20100%22%3E%3C%2Fsvg%3E\" loading=\"eager\"><\/span><span class=\"fg-image-overlay\"><\/span><\/a><figcaption class=\"fg-caption\"><div class=\"fg-caption-inner\"><div class=\"fg-caption-title\"><em>visite du<\/em> 13\/04\/2019<\/div><div class=\"fg-caption-desc\">Parc Floral Haute Bretagne avril 2019<\/div><\/div><\/figcaption><\/figure><div class=\"fg-loader\"><\/div><\/div><div class=\"fg-item fg-type-image fg-idle\"><figure class=\"fg-item-inner\"><a href=\"https:\/\/www.rezeau.org\/wp-garden\/wp-content\/uploads\/visite-du-13-04-2019-18.jpg\" data-caption-title=\"&lt;em&gt;visite du&lt;\/em&gt; 13\/04\/2019\" data-caption-desc=\"Parc Floral Haute Bretagne avril 2019\" data-attachment-id=\"11793\" data-type=\"image\" class=\"fg-thumb\" rel=\"lightbox[11810]\"><span class=\"fg-image-wrap\"><img decoding=\"async\" alt=\"Parc Floral Haute Bretagne avril 2019\" title=\"&lt;em&gt;visite du&lt;\/em&gt; 13\/04\/2019\" width=\"100\" height=\"100\" class=\"skip-lazy fg-image\" data-src-fg=\"https:\/\/www.rezeau.org\/wp-garden\/wp-content\/uploads\/cache\/visite-du-13-04-2019-18\/248587695.jpg\" src=\"data:image\/svg+xml,%3Csvg%20xmlns%3D%22http%3A%2F%2Fwww.w3.org%2F2000%2Fsvg%22%20width%3D%22100%22%20height%3D%22100%22%20viewBox%3D%220%200%20100%20100%22%3E%3C%2Fsvg%3E\" loading=\"eager\"><\/span><span class=\"fg-image-overlay\"><\/span><\/a><figcaption class=\"fg-caption\"><div class=\"fg-caption-inner\"><div class=\"fg-caption-title\"><em>visite du<\/em> 13\/04\/2019<\/div><div class=\"fg-caption-desc\">Parc Floral Haute Bretagne avril 2019<\/div><\/div><\/figcaption><\/figure><div class=\"fg-loader\"><\/div><\/div><div class=\"fg-item fg-type-image fg-idle\"><figure class=\"fg-item-inner\"><a href=\"https:\/\/www.rezeau.org\/wp-garden\/wp-content\/uploads\/visite-du-13-04-2019-19.jpg\" data-caption-title=\"&lt;em&gt;visite du&lt;\/em&gt; 13\/04\/2019\" data-caption-desc=\"Parc Floral Haute Bretagne avril 2019\" data-attachment-id=\"11794\" data-type=\"image\" class=\"fg-thumb\" rel=\"lightbox[11810]\"><span class=\"fg-image-wrap\"><img decoding=\"async\" alt=\"Parc Floral Haute Bretagne avril 2019\" title=\"&lt;em&gt;visite du&lt;\/em&gt; 13\/04\/2019\" width=\"100\" height=\"100\" class=\"skip-lazy fg-image\" data-src-fg=\"https:\/\/www.rezeau.org\/wp-garden\/wp-content\/uploads\/cache\/visite-du-13-04-2019-19\/1001848502.jpg\" src=\"data:image\/svg+xml,%3Csvg%20xmlns%3D%22http%3A%2F%2Fwww.w3.org%2F2000%2Fsvg%22%20width%3D%22100%22%20height%3D%22100%22%20viewBox%3D%220%200%20100%20100%22%3E%3C%2Fsvg%3E\" loading=\"eager\"><\/span><span class=\"fg-image-overlay\"><\/span><\/a><figcaption class=\"fg-caption\"><div class=\"fg-caption-inner\"><div class=\"fg-caption-title\"><em>visite du<\/em> 13\/04\/2019<\/div><div class=\"fg-caption-desc\">Parc Floral Haute Bretagne avril 2019<\/div><\/div><\/figcaption><\/figure><div class=\"fg-loader\"><\/div><\/div><div class=\"fg-item fg-type-image fg-idle\"><figure class=\"fg-item-inner\"><a href=\"https:\/\/www.rezeau.org\/wp-garden\/wp-content\/uploads\/visite-du-13-04-2019-20.jpg\" data-caption-title=\"&lt;em&gt;visite du&lt;\/em&gt; 13\/04\/2019\" data-caption-desc=\"Parc Floral Haute Bretagne avril 2019\" data-attachment-id=\"11795\" data-type=\"image\" class=\"fg-thumb\" rel=\"lightbox[11810]\"><span class=\"fg-image-wrap\"><img decoding=\"async\" alt=\"Parc Floral Haute Bretagne avril 2019\" title=\"&lt;em&gt;visite du&lt;\/em&gt; 13\/04\/2019\" width=\"100\" height=\"100\" class=\"skip-lazy fg-image\" data-src-fg=\"https:\/\/www.rezeau.org\/wp-garden\/wp-content\/uploads\/cache\/visite-du-13-04-2019-20\/2996848111.jpg\" src=\"data:image\/svg+xml,%3Csvg%20xmlns%3D%22http%3A%2F%2Fwww.w3.org%2F2000%2Fsvg%22%20width%3D%22100%22%20height%3D%22100%22%20viewBox%3D%220%200%20100%20100%22%3E%3C%2Fsvg%3E\" loading=\"eager\"><\/span><span class=\"fg-image-overlay\"><\/span><\/a><figcaption class=\"fg-caption\"><div class=\"fg-caption-inner\"><div class=\"fg-caption-title\"><em>visite du<\/em> 13\/04\/2019<\/div><div class=\"fg-caption-desc\">Parc Floral Haute Bretagne avril 2019<\/div><\/div><\/figcaption><\/figure><div class=\"fg-loader\"><\/div><\/div><div class=\"fg-item fg-type-image fg-idle\"><figure class=\"fg-item-inner\"><a href=\"https:\/\/www.rezeau.org\/wp-garden\/wp-content\/uploads\/visite-du-13-04-2019-21.jpg\" data-caption-title=\"&lt;em&gt;visite du&lt;\/em&gt; 13\/04\/2019\" data-caption-desc=\"Parc Floral Haute Bretagne avril 2019\" data-attachment-id=\"11796\" data-type=\"image\" class=\"fg-thumb\" rel=\"lightbox[11810]\"><span class=\"fg-image-wrap\"><img decoding=\"async\" alt=\"Parc Floral Haute Bretagne avril 2019\" title=\"&lt;em&gt;visite du&lt;\/em&gt; 13\/04\/2019\" width=\"100\" height=\"100\" class=\"skip-lazy fg-image\" data-src-fg=\"https:\/\/www.rezeau.org\/wp-garden\/wp-content\/uploads\/cache\/visite-du-13-04-2019-21\/1426515689.jpg\" src=\"data:image\/svg+xml,%3Csvg%20xmlns%3D%22http%3A%2F%2Fwww.w3.org%2F2000%2Fsvg%22%20width%3D%22100%22%20height%3D%22100%22%20viewBox%3D%220%200%20100%20100%22%3E%3C%2Fsvg%3E\" loading=\"eager\"><\/span><span class=\"fg-image-overlay\"><\/span><\/a><figcaption class=\"fg-caption\"><div class=\"fg-caption-inner\"><div class=\"fg-caption-title\"><em>visite du<\/em> 13\/04\/2019<\/div><div class=\"fg-caption-desc\">Parc Floral Haute Bretagne avril 2019<\/div><\/div><\/figcaption><\/figure><div class=\"fg-loader\"><\/div><\/div><div class=\"fg-item fg-type-image fg-idle\"><figure class=\"fg-item-inner\"><a href=\"https:\/\/www.rezeau.org\/wp-garden\/wp-content\/uploads\/visite-du-13-04-2019-22.jpg\" data-caption-title=\"&lt;em&gt;visite du&lt;\/em&gt; 13\/04\/2019\" data-caption-desc=\"Parc Floral Haute Bretagne avril 2019\" data-attachment-id=\"11797\" data-type=\"image\" class=\"fg-thumb\" rel=\"lightbox[11810]\"><span class=\"fg-image-wrap\"><img decoding=\"async\" alt=\"Parc Floral Haute Bretagne avril 2019\" title=\"&lt;em&gt;visite du&lt;\/em&gt; 13\/04\/2019\" width=\"100\" height=\"100\" class=\"skip-lazy fg-image\" data-src-fg=\"https:\/\/www.rezeau.org\/wp-garden\/wp-content\/uploads\/cache\/visite-du-13-04-2019-22\/1952284093.jpg\" src=\"data:image\/svg+xml,%3Csvg%20xmlns%3D%22http%3A%2F%2Fwww.w3.org%2F2000%2Fsvg%22%20width%3D%22100%22%20height%3D%22100%22%20viewBox%3D%220%200%20100%20100%22%3E%3C%2Fsvg%3E\" loading=\"eager\"><\/span><span class=\"fg-image-overlay\"><\/span><\/a><figcaption class=\"fg-caption\"><div class=\"fg-caption-inner\"><div class=\"fg-caption-title\"><em>visite du<\/em> 13\/04\/2019<\/div><div class=\"fg-caption-desc\">Parc Floral Haute Bretagne avril 2019<\/div><\/div><\/figcaption><\/figure><div class=\"fg-loader\"><\/div><\/div><div class=\"fg-item fg-type-image fg-idle\"><figure class=\"fg-item-inner\"><a href=\"https:\/\/www.rezeau.org\/wp-garden\/wp-content\/uploads\/visite-du-13-04-2019-23.jpg\" data-caption-title=\"&lt;em&gt;visite du&lt;\/em&gt; 13\/04\/2019\" data-caption-desc=\"Parc Floral Haute Bretagne avril 2019\" data-attachment-id=\"11798\" data-type=\"image\" class=\"fg-thumb\" rel=\"lightbox[11810]\"><span class=\"fg-image-wrap\"><img decoding=\"async\" alt=\"Parc Floral Haute Bretagne avril 2019\" title=\"&lt;em&gt;visite du&lt;\/em&gt; 13\/04\/2019\" width=\"100\" height=\"100\" class=\"skip-lazy fg-image\" data-src-fg=\"https:\/\/www.rezeau.org\/wp-garden\/wp-content\/uploads\/cache\/visite-du-13-04-2019-23\/1070158043.jpg\" src=\"data:image\/svg+xml,%3Csvg%20xmlns%3D%22http%3A%2F%2Fwww.w3.org%2F2000%2Fsvg%22%20width%3D%22100%22%20height%3D%22100%22%20viewBox%3D%220%200%20100%20100%22%3E%3C%2Fsvg%3E\" loading=\"eager\"><\/span><span class=\"fg-image-overlay\"><\/span><\/a><figcaption class=\"fg-caption\"><div class=\"fg-caption-inner\"><div class=\"fg-caption-title\"><em>visite du<\/em> 13\/04\/2019<\/div><div class=\"fg-caption-desc\">Parc Floral Haute Bretagne avril 2019<\/div><\/div><\/figcaption><\/figure><div class=\"fg-loader\"><\/div><\/div><div class=\"fg-item fg-type-image fg-idle\"><figure class=\"fg-item-inner\"><a href=\"https:\/\/www.rezeau.org\/wp-garden\/wp-content\/uploads\/visite-du-13-04-2019-24.jpg\" data-caption-title=\"&lt;em&gt;visite du&lt;\/em&gt; 13\/04\/2019\" data-caption-desc=\"Parc Floral Haute Bretagne avril 2019\" data-attachment-id=\"11799\" data-type=\"image\" class=\"fg-thumb\" rel=\"lightbox[11810]\"><span class=\"fg-image-wrap\"><img decoding=\"async\" alt=\"Parc Floral Haute Bretagne avril 2019\" title=\"&lt;em&gt;visite du&lt;\/em&gt; 13\/04\/2019\" width=\"100\" height=\"100\" class=\"skip-lazy fg-image\" data-src-fg=\"https:\/\/www.rezeau.org\/wp-garden\/wp-content\/uploads\/cache\/visite-du-13-04-2019-24\/2597897589.jpg\" src=\"data:image\/svg+xml,%3Csvg%20xmlns%3D%22http%3A%2F%2Fwww.w3.org%2F2000%2Fsvg%22%20width%3D%22100%22%20height%3D%22100%22%20viewBox%3D%220%200%20100%20100%22%3E%3C%2Fsvg%3E\" loading=\"eager\"><\/span><span class=\"fg-image-overlay\"><\/span><\/a><figcaption class=\"fg-caption\"><div class=\"fg-caption-inner\"><div class=\"fg-caption-title\"><em>visite du<\/em> 13\/04\/2019<\/div><div class=\"fg-caption-desc\">Parc Floral Haute Bretagne avril 2019<\/div><\/div><\/figcaption><\/figure><div class=\"fg-loader\"><\/div><\/div><div class=\"fg-item fg-type-image fg-idle\"><figure class=\"fg-item-inner\"><a href=\"https:\/\/www.rezeau.org\/wp-garden\/wp-content\/uploads\/visite-du-13-04-2019-25.jpg\" data-caption-title=\"&lt;em&gt;visite du&lt;\/em&gt; 13\/04\/2019\" data-caption-desc=\"Parc Floral Haute Bretagne avril 2019\" data-attachment-id=\"11800\" data-type=\"image\" class=\"fg-thumb\" rel=\"lightbox[11810]\"><span class=\"fg-image-wrap\"><img decoding=\"async\" alt=\"Parc Floral Haute Bretagne avril 2019\" title=\"&lt;em&gt;visite du&lt;\/em&gt; 13\/04\/2019\" width=\"100\" height=\"100\" class=\"skip-lazy fg-image\" data-src-fg=\"https:\/\/www.rezeau.org\/wp-garden\/wp-content\/uploads\/cache\/visite-du-13-04-2019-25\/2340516405.jpg\" src=\"data:image\/svg+xml,%3Csvg%20xmlns%3D%22http%3A%2F%2Fwww.w3.org%2F2000%2Fsvg%22%20width%3D%22100%22%20height%3D%22100%22%20viewBox%3D%220%200%20100%20100%22%3E%3C%2Fsvg%3E\" loading=\"eager\"><\/span><span class=\"fg-image-overlay\"><\/span><\/a><figcaption class=\"fg-caption\"><div class=\"fg-caption-inner\"><div class=\"fg-caption-title\"><em>visite du<\/em> 13\/04\/2019<\/div><div class=\"fg-caption-desc\">Parc Floral Haute Bretagne avril 2019<\/div><\/div><\/figcaption><\/figure><div class=\"fg-loader\"><\/div><\/div><div class=\"fg-item fg-type-image fg-idle\"><figure class=\"fg-item-inner\"><a href=\"https:\/\/www.rezeau.org\/wp-garden\/wp-content\/uploads\/visite-du-13-04-2019-26.jpg\" data-caption-title=\"&lt;em&gt;visite du&lt;\/em&gt; 13\/04\/2019\" data-caption-desc=\"Parc Floral Haute Bretagne avril 2019\" data-attachment-id=\"11801\" data-type=\"image\" class=\"fg-thumb\" rel=\"lightbox[11810]\"><span class=\"fg-image-wrap\"><img decoding=\"async\" alt=\"Parc Floral Haute Bretagne avril 2019\" title=\"&lt;em&gt;visite du&lt;\/em&gt; 13\/04\/2019\" width=\"100\" height=\"100\" class=\"skip-lazy fg-image\" data-src-fg=\"https:\/\/www.rezeau.org\/wp-garden\/wp-content\/uploads\/cache\/visite-du-13-04-2019-26\/2866473313.jpg\" src=\"data:image\/svg+xml,%3Csvg%20xmlns%3D%22http%3A%2F%2Fwww.w3.org%2F2000%2Fsvg%22%20width%3D%22100%22%20height%3D%22100%22%20viewBox%3D%220%200%20100%20100%22%3E%3C%2Fsvg%3E\" loading=\"eager\"><\/span><span class=\"fg-image-overlay\"><\/span><\/a><figcaption class=\"fg-caption\"><div class=\"fg-caption-inner\"><div class=\"fg-caption-title\"><em>visite du<\/em> 13\/04\/2019<\/div><div class=\"fg-caption-desc\">Parc Floral Haute Bretagne avril 2019<\/div><\/div><\/figcaption><\/figure><div class=\"fg-loader\"><\/div><\/div><div class=\"fg-item fg-type-image fg-idle\"><figure class=\"fg-item-inner\"><a href=\"https:\/\/www.rezeau.org\/wp-garden\/wp-content\/uploads\/visite-du-13-04-2019-27.jpg\" data-caption-title=\"&lt;em&gt;visite du&lt;\/em&gt; 13\/04\/2019\" data-caption-desc=\"Parc Floral Haute Bretagne avril 2019\" data-attachment-id=\"11802\" data-type=\"image\" class=\"fg-thumb\" rel=\"lightbox[11810]\"><span class=\"fg-image-wrap\"><img decoding=\"async\" alt=\"Parc Floral Haute Bretagne avril 2019\" title=\"&lt;em&gt;visite du&lt;\/em&gt; 13\/04\/2019\" width=\"100\" height=\"100\" class=\"skip-lazy fg-image\" data-src-fg=\"https:\/\/www.rezeau.org\/wp-garden\/wp-content\/uploads\/cache\/visite-du-13-04-2019-27\/1299991143.jpg\" src=\"data:image\/svg+xml,%3Csvg%20xmlns%3D%22http%3A%2F%2Fwww.w3.org%2F2000%2Fsvg%22%20width%3D%22100%22%20height%3D%22100%22%20viewBox%3D%220%200%20100%20100%22%3E%3C%2Fsvg%3E\" loading=\"eager\"><\/span><span class=\"fg-image-overlay\"><\/span><\/a><figcaption class=\"fg-caption\"><div class=\"fg-caption-inner\"><div class=\"fg-caption-title\"><em>visite du<\/em> 13\/04\/2019<\/div><div class=\"fg-caption-desc\">Parc Floral Haute Bretagne avril 2019<\/div><\/div><\/figcaption><\/figure><div class=\"fg-loader\"><\/div><\/div><div class=\"fg-item fg-type-image fg-idle\"><figure class=\"fg-item-inner\"><a href=\"https:\/\/www.rezeau.org\/wp-garden\/wp-content\/uploads\/visite-du-13-04-2019-28.jpg\" data-caption-title=\"&lt;em&gt;visite du&lt;\/em&gt; 13\/04\/2019\" data-caption-desc=\"Parc Floral Haute Bretagne avril 2019\" data-attachment-id=\"11803\" data-type=\"image\" class=\"fg-thumb\" rel=\"lightbox[11810]\"><span class=\"fg-image-wrap\"><img decoding=\"async\" alt=\"Parc Floral Haute Bretagne avril 2019\" title=\"&lt;em&gt;visite du&lt;\/em&gt; 13\/04\/2019\" width=\"100\" height=\"100\" class=\"skip-lazy fg-image\" data-src-fg=\"https:\/\/www.rezeau.org\/wp-garden\/wp-content\/uploads\/cache\/visite-du-13-04-2019-28\/998818940.jpg\" src=\"data:image\/svg+xml,%3Csvg%20xmlns%3D%22http%3A%2F%2Fwww.w3.org%2F2000%2Fsvg%22%20width%3D%22100%22%20height%3D%22100%22%20viewBox%3D%220%200%20100%20100%22%3E%3C%2Fsvg%3E\" loading=\"eager\"><\/span><span class=\"fg-image-overlay\"><\/span><\/a><figcaption class=\"fg-caption\"><div class=\"fg-caption-inner\"><div class=\"fg-caption-title\"><em>visite du<\/em> 13\/04\/2019<\/div><div class=\"fg-caption-desc\">Parc Floral Haute Bretagne avril 2019<\/div><\/div><\/figcaption><\/figure><div class=\"fg-loader\"><\/div><\/div><div class=\"fg-item fg-type-image fg-idle\"><figure class=\"fg-item-inner\"><a href=\"https:\/\/www.rezeau.org\/wp-garden\/wp-content\/uploads\/visite-du-13-04-2019-29.jpg\" data-caption-title=\"&lt;em&gt;visite du&lt;\/em&gt; 13\/04\/2019\" data-caption-desc=\"Parc Floral Haute Bretagne avril 2019\" data-attachment-id=\"11804\" data-type=\"image\" class=\"fg-thumb\" rel=\"lightbox[11810]\"><span class=\"fg-image-wrap\"><img decoding=\"async\" alt=\"Parc Floral Haute Bretagne avril 2019\" title=\"&lt;em&gt;visite du&lt;\/em&gt; 13\/04\/2019\" width=\"100\" height=\"100\" class=\"skip-lazy fg-image\" data-src-fg=\"https:\/\/www.rezeau.org\/wp-garden\/wp-content\/uploads\/cache\/visite-du-13-04-2019-29\/250552165.jpg\" src=\"data:image\/svg+xml,%3Csvg%20xmlns%3D%22http%3A%2F%2Fwww.w3.org%2F2000%2Fsvg%22%20width%3D%22100%22%20height%3D%22100%22%20viewBox%3D%220%200%20100%20100%22%3E%3C%2Fsvg%3E\" loading=\"eager\"><\/span><span class=\"fg-image-overlay\"><\/span><\/a><figcaption class=\"fg-caption\"><div class=\"fg-caption-inner\"><div class=\"fg-caption-title\"><em>visite du<\/em> 13\/04\/2019<\/div><div class=\"fg-caption-desc\">Parc Floral Haute Bretagne avril 2019<\/div><\/div><\/figcaption><\/figure><div class=\"fg-loader\"><\/div><\/div><div class=\"fg-item fg-type-image fg-idle\"><figure class=\"fg-item-inner\"><a href=\"https:\/\/www.rezeau.org\/wp-garden\/wp-content\/uploads\/visite-du-13-04-2019-30.jpg\" data-caption-title=\"&lt;em&gt;visite du&lt;\/em&gt; 13\/04\/2019\" data-caption-desc=\"Parc Floral Haute Bretagne avril 2019\" data-attachment-id=\"11805\" data-type=\"image\" class=\"fg-thumb\" rel=\"lightbox[11810]\"><span class=\"fg-image-wrap\"><img decoding=\"async\" alt=\"Parc Floral Haute Bretagne avril 2019\" title=\"&lt;em&gt;visite du&lt;\/em&gt; 13\/04\/2019\" width=\"100\" height=\"100\" class=\"skip-lazy fg-image\" data-src-fg=\"https:\/\/www.rezeau.org\/wp-garden\/wp-content\/uploads\/cache\/visite-du-13-04-2019-30\/2836368570.jpg\" src=\"data:image\/svg+xml,%3Csvg%20xmlns%3D%22http%3A%2F%2Fwww.w3.org%2F2000%2Fsvg%22%20width%3D%22100%22%20height%3D%22100%22%20viewBox%3D%220%200%20100%20100%22%3E%3C%2Fsvg%3E\" loading=\"eager\"><\/span><span class=\"fg-image-overlay\"><\/span><\/a><figcaption class=\"fg-caption\"><div class=\"fg-caption-inner\"><div class=\"fg-caption-title\"><em>visite du<\/em> 13\/04\/2019<\/div><div class=\"fg-caption-desc\">Parc Floral Haute Bretagne avril 2019<\/div><\/div><\/figcaption><\/figure><div class=\"fg-loader\"><\/div><\/div><div class=\"fg-item fg-type-image fg-idle\"><figure class=\"fg-item-inner\"><a href=\"https:\/\/www.rezeau.org\/wp-garden\/wp-content\/uploads\/visite-du-13-04-2019-31.jpg\" data-caption-title=\"&lt;em&gt;visite du&lt;\/em&gt; 13\/04\/2019\" data-caption-desc=\"Parc Floral Haute Bretagne avril 2019\" data-attachment-id=\"11806\" data-type=\"image\" class=\"fg-thumb\" rel=\"lightbox[11810]\"><span class=\"fg-image-wrap\"><img decoding=\"async\" alt=\"Parc Floral Haute Bretagne avril 2019\" title=\"&lt;em&gt;visite du&lt;\/em&gt; 13\/04\/2019\" width=\"100\" height=\"100\" class=\"skip-lazy fg-image\" data-src-fg=\"https:\/\/www.rezeau.org\/wp-garden\/wp-content\/uploads\/cache\/visite-du-13-04-2019-31\/1319710652.jpg\" src=\"data:image\/svg+xml,%3Csvg%20xmlns%3D%22http%3A%2F%2Fwww.w3.org%2F2000%2Fsvg%22%20width%3D%22100%22%20height%3D%22100%22%20viewBox%3D%220%200%20100%20100%22%3E%3C%2Fsvg%3E\" loading=\"eager\"><\/span><span class=\"fg-image-overlay\"><\/span><\/a><figcaption class=\"fg-caption\"><div class=\"fg-caption-inner\"><div class=\"fg-caption-title\"><em>visite du<\/em> 13\/04\/2019<\/div><div class=\"fg-caption-desc\">Parc Floral Haute Bretagne avril 2019<\/div><\/div><\/figcaption><\/figure><div class=\"fg-loader\"><\/div><\/div><div class=\"fg-item fg-type-image fg-idle\"><figure class=\"fg-item-inner\"><a href=\"https:\/\/www.rezeau.org\/wp-garden\/wp-content\/uploads\/visite-du-13-04-2019-32.jpg\" data-caption-title=\"&lt;em&gt;visite du&lt;\/em&gt; 13\/04\/2019\" data-caption-desc=\"Parc Floral Haute Bretagne avril 2019\" data-attachment-id=\"11807\" data-type=\"image\" class=\"fg-thumb\" rel=\"lightbox[11810]\"><span class=\"fg-image-wrap\"><img decoding=\"async\" alt=\"Parc Floral Haute Bretagne avril 2019\" title=\"&lt;em&gt;visite du&lt;\/em&gt; 13\/04\/2019\" width=\"100\" height=\"100\" class=\"skip-lazy fg-image\" data-src-fg=\"https:\/\/www.rezeau.org\/wp-garden\/wp-content\/uploads\/cache\/visite-du-13-04-2019-32\/1878177000.jpg\" src=\"data:image\/svg+xml,%3Csvg%20xmlns%3D%22http%3A%2F%2Fwww.w3.org%2F2000%2Fsvg%22%20width%3D%22100%22%20height%3D%22100%22%20viewBox%3D%220%200%20100%20100%22%3E%3C%2Fsvg%3E\" loading=\"eager\"><\/span><span class=\"fg-image-overlay\"><\/span><\/a><figcaption class=\"fg-caption\"><div class=\"fg-caption-inner\"><div class=\"fg-caption-title\"><em>visite du<\/em> 13\/04\/2019<\/div><div class=\"fg-caption-desc\">Parc Floral Haute Bretagne avril 2019<\/div><\/div><\/figcaption><\/figure><div class=\"fg-loader\"><\/div><\/div><div class=\"fg-item fg-type-image fg-idle\"><figure class=\"fg-item-inner\"><a href=\"https:\/\/www.rezeau.org\/wp-garden\/wp-content\/uploads\/visite-du-13-04-2019-33.jpg\" data-caption-title=\"&lt;em&gt;visite du&lt;\/em&gt; 13\/04\/2019\" data-caption-desc=\"Parc Floral Haute Bretagne avril 2019\" data-attachment-id=\"11808\" data-type=\"image\" class=\"fg-thumb\" rel=\"lightbox[11810]\"><span class=\"fg-image-wrap\"><img decoding=\"async\" alt=\"Parc Floral Haute Bretagne avril 2019\" title=\"&lt;em&gt;visite du&lt;\/em&gt; 13\/04\/2019\" width=\"100\" height=\"100\" class=\"skip-lazy fg-image\" data-src-fg=\"https:\/\/www.rezeau.org\/wp-garden\/wp-content\/uploads\/cache\/visite-du-13-04-2019-33\/610703758.jpg\" src=\"data:image\/svg+xml,%3Csvg%20xmlns%3D%22http%3A%2F%2Fwww.w3.org%2F2000%2Fsvg%22%20width%3D%22100%22%20height%3D%22100%22%20viewBox%3D%220%200%20100%20100%22%3E%3C%2Fsvg%3E\" loading=\"eager\"><\/span><span class=\"fg-image-overlay\"><\/span><\/a><figcaption class=\"fg-caption\"><div class=\"fg-caption-inner\"><div class=\"fg-caption-title\"><em>visite du<\/em> 13\/04\/2019<\/div><div class=\"fg-caption-desc\">Parc Floral Haute Bretagne avril 2019<\/div><\/div><\/figcaption><\/figure><div class=\"fg-loader\"><\/div><\/div><\/div>\n","protected":false},"excerpt":{"rendered":"<p>Cliquez sur les vignettes pour voir les images plein format, puis sur les fl\u00e8ches \u00e0 droite ou \u00e0 gauche des photos pour vous d\u00e9placer dans le diaporama&#8230;<\/p>\n<p class=\"continue-reading-button\"> <a class=\"continue-reading-link\" href=\"https:\/\/www.rezeau.org\/wp-garden\/fr\/images-du-parc-botanique-de-haute-bretagne-avril-2019-hanami\/\">Continue reading<i class=\"crycon-right-dir\"><\/i><\/a><\/p>\n","protected":false},"author":2,"featured_media":11797,"parent":0,"menu_order":0,"comment_status":"closed","ping_status":"closed","template":"templates\/template-onecolumn.php","meta":{"_acf_changed":false,"footnotes":""},"categories":[1201],"tags":[],"class_list":["post-11810","page","type-page","status-publish","has-post-thumbnail","hentry","category-jardins-visites"],"acf":[],"_links":{"self":[{"href":"https:\/\/www.rezeau.org\/wp-garden\/wp-json\/wp\/v2\/pages\/11810","targetHints":{"allow":["GET"]}}],"collection":[{"href":"https:\/\/www.rezeau.org\/wp-garden\/wp-json\/wp\/v2\/pages"}],"about":[{"href":"https:\/\/www.rezeau.org\/wp-garden\/wp-json\/wp\/v2\/types\/page"}],"author":[{"embeddable":true,"href":"https:\/\/www.rezeau.org\/wp-garden\/wp-json\/wp\/v2\/users\/2"}],"replies":[{"embeddable":true,"href":"https:\/\/www.rezeau.org\/wp-garden\/wp-json\/wp\/v2\/comments?post=11810"}],"version-history":[{"count":0,"href":"https:\/\/www.rezeau.org\/wp-garden\/wp-json\/wp\/v2\/pages\/11810\/revisions"}],"wp:featuredmedia":[{"embeddable":true,"href":"https:\/\/www.rezeau.org\/wp-garden\/wp-json\/wp\/v2\/media\/11797"}],"wp:attachment":[{"href":"https:\/\/www.rezeau.org\/wp-garden\/wp-json\/wp\/v2\/media?parent=11810"}],"wp:term":[{"taxonomy":"category","embeddable":true,"href":"https:\/\/www.rezeau.org\/wp-garden\/wp-json\/wp\/v2\/categories?post=11810"},{"taxonomy":"post_tag","embeddable":true,"href":"https:\/\/www.rezeau.org\/wp-garden\/wp-json\/wp\/v2\/tags?post=11810"}],"curies":[{"name":"wp","href":"https:\/\/api.w.org\/{rel}","templated":true}]}}