{"id":70,"date":"2016-01-20T17:28:44","date_gmt":"2016-01-20T17:28:44","guid":{"rendered":"http:\/\/www.rezeau.org\/wp-photo\/?page_id=70"},"modified":"2016-07-18T00:01:34","modified_gmt":"2016-07-17T22:01:34","slug":"a-propos","status":"publish","type":"page","link":"https:\/\/www.rezeau.org\/wp-photo\/a-propos\/","title":{"rendered":"\u00c0 propos"},"content":{"rendered":"<h4>Qui suis-je\u00a0?<\/p>\n<div style=\"clear:left;\"><\/div>\n<\/h4>\n<div id=\"attachment_105\" style=\"width: 310px\" class=\"wp-caption alignleft\"><a href=\"http:\/\/www.rezeau.org\/wp-photo\/wp-content\/uploads\/2016\/01\/portrait.jpg\" rel=\"lightbox[70]\"><img loading=\"lazy\" decoding=\"async\" aria-describedby=\"caption-attachment-105\" class=\"wp-image-105 size-medium\" src=\"http:\/\/www.rezeau.org\/wp-photo\/wp-content\/uploads\/2016\/01\/portrait-300x300.jpg\" alt=\"Peinture num\u00e9rique par Cali Rezo\" width=\"300\" height=\"300\" \/><\/a><p id=\"caption-attachment-105\" class=\"wp-caption-text\">Peinture num\u00e9rique par <a href=\"http:\/\/www.calirezo.com\/\" target=\"_blank\">Cali Rezo<\/a><\/p><\/div>\n<p>Je m&rsquo;int\u00e9resse \u00e0 la photographie depuis bien des ann\u00e9es. J&rsquo;ai d\u00e9but\u00e9 dans les ann\u00e9es 1960 avec un Pentacon Praktica Nova B, puis je suis pass\u00e9 au Nikon avec un Nikkormat. J&rsquo;ai beaucoup appris en fr\u00e9quentant le Photo-Cam\u00e9ra-Club-Yonnais lorsque j&rsquo;habitais en Vend\u00e9e. J&rsquo;ai souvent utilis\u00e9 le support visuel dans mes cours d&rsquo;anglais et j&rsquo;ai m\u00eame con\u00e7u plusieurs collections de diapositives pour l&rsquo;enseignement de l&rsquo;anglais et du fran\u00e7ais, qui ont connu un relatif succ\u00e8s dans les ann\u00e9es 1980.<\/p>\n<p>Je me suis remis \u00e0 la photo &#8211; num\u00e9rique &#8211; il y a quelques ann\u00e9es avec un compact Olympus Camedia, d&rsquo;une tr\u00e8s bonne qualit\u00e9 pour un compact. En f\u00e9vrier 2009, j&rsquo;ai fait l&rsquo;acquisition d&rsquo;un Pentax K20D avec lequel j&rsquo;ai le plaisir de retrouver mes r\u00e9flexes (!) de photographier avec un appareil r\u00e9flex. Ce K20D a fait place \u00e0 un Pentax K-5 en d\u00e9cembre 2010. Merci \u00e0 ma talentueuse fille Caroline pour mon portrait num\u00e9rique ci-contre.<\/p>\n<div style=\"clear:left;\"><\/div>\n<h4>Mat\u00e9riel<\/h4>\n<ul>\n<li>Pentax K-5<\/li>\n<li>Objectifs :\n<ul>\n<li>Pentax DA 17-70mm F4 AL [IF] SDM<\/li>\n<li>smc Pentax DA 1\/2.8 35 mm Macro Limited<\/li>\n<li>Tamron SPAF 90mm F\/2,8 Di Macro 1:1<\/li>\n<li>Sigma DG APO EX 180 mm f\/3.5 Macro 1:1 (donn\u00e9 \u00e0 un ami en 2015)<\/li>\n<li>Sigma 70-300mm APO macro zoom<\/li>\n<\/ul>\n<\/li>\n<li>Soufflet PENTAX auto bellows-M (\u00e0 vendre)<\/li>\n<li>Pied Manfrotto 055CXPRO4 (fibre de carbone) + t\u00eate rotule MANFROTTO MH054M0-Q2<\/li>\n<\/ul>\n<h4>Utilisation des images de ce site<\/h4>\n<p><a href=\"http:\/\/creativecommons.org\/licenses\/by-sa\/4.0\/\" rel=\"license\"><img decoding=\"async\" style=\"border-width: 0;\" src=\"https:\/\/i.creativecommons.org\/l\/by-sa\/4.0\/88x31.png\" alt=\"Licence Creative Commons\" \/> Ces photos sont disponibles selon les termes de la Licence Creative Commons Attribution &#8211; Partage dans les M\u00eames Conditions 4.0 International<\/a>. Contactez-moi si vous souhaitez utiliser une de mes photos sans signature en filigrane ou dans un format plus grand.<\/p>\n<p>Pour l&rsquo;attribution : auteur des photos \u00ab\u00a0Joseph R\u00e9zeau\u00a0\u00bb.<\/p>\n<h4>Conception du site<\/h4>\n<ul>\n<li>Propuls\u00e9 par<span class=\"Apple-converted-space\">\u00a0<\/span><a href=\"https:\/\/fr.wordpress.org\/\">WordPress<\/a><\/li>\n<li>Th\u00e8me visuel <a href=\"http:\/\/www.sktthemes.net\/\">SKT Corp<\/a><\/li>\n<\/ul>\n<h4>Navigation<\/h4>\n<p>Les liens externes sont suivis de l&rsquo;ic\u00f4ne <img loading=\"lazy\" decoding=\"async\" src=\"http:\/\/www.rezeau.org\/wp-photo\/wp-content\/uploads\/2016\/01\/external.png\" alt=\"external\" width=\"10\" height=\"10\" \/>. Pour les ouvrir dans une nouvelle fen\u00eatre ou onglet, faites un clic droit.<\/p>\n<p>Derni\u00e8re mise \u00e0 jour du 21\/01\/2016.<\/p>\n","protected":false},"excerpt":{"rendered":"<p>Qui suis-je\u00a0? Je m&rsquo;int\u00e9resse \u00e0 la photographie depuis bien des ann\u00e9es. J&rsquo;ai d\u00e9but\u00e9 dans les ann\u00e9es 1960 avec un Pentacon Praktica Nova B, puis je suis pass\u00e9 au Nikon avec un Nikkormat. J&rsquo;ai beaucoup appris en fr\u00e9quentant le Photo-Cam\u00e9ra-Club-Yonnais lorsque j&rsquo;habitais en Vend\u00e9e. J&rsquo;ai souvent utilis\u00e9 le support visuel dans mes cours d&rsquo;anglais et j&rsquo;ai\u2026<\/p>\n","protected":false},"author":1,"featured_media":0,"parent":0,"menu_order":0,"comment_status":"closed","ping_status":"closed","template":"template-full-width.php","meta":{"ngg_post_thumbnail":0,"footnotes":""},"class_list":["post-70","page","type-page","status-publish","hentry"],"_links":{"self":[{"href":"https:\/\/www.rezeau.org\/wp-photo\/wp-json\/wp\/v2\/pages\/70","targetHints":{"allow":["GET"]}}],"collection":[{"href":"https:\/\/www.rezeau.org\/wp-photo\/wp-json\/wp\/v2\/pages"}],"about":[{"href":"https:\/\/www.rezeau.org\/wp-photo\/wp-json\/wp\/v2\/types\/page"}],"author":[{"embeddable":true,"href":"https:\/\/www.rezeau.org\/wp-photo\/wp-json\/wp\/v2\/users\/1"}],"replies":[{"embeddable":true,"href":"https:\/\/www.rezeau.org\/wp-photo\/wp-json\/wp\/v2\/comments?post=70"}],"version-history":[{"count":3,"href":"https:\/\/www.rezeau.org\/wp-photo\/wp-json\/wp\/v2\/pages\/70\/revisions"}],"predecessor-version":[{"id":478,"href":"https:\/\/www.rezeau.org\/wp-photo\/wp-json\/wp\/v2\/pages\/70\/revisions\/478"}],"wp:attachment":[{"href":"https:\/\/www.rezeau.org\/wp-photo\/wp-json\/wp\/v2\/media?parent=70"}],"curies":[{"name":"wp","href":"https:\/\/api.w.org\/{rel}","templated":true}]}}