{"id":74,"date":"2016-01-20T17:30:56","date_gmt":"2016-01-20T17:30:56","guid":{"rendered":"http:\/\/www.rezeau.org\/wp-photo\/?page_id=74"},"modified":"2016-01-25T17:19:15","modified_gmt":"2016-01-25T17:19:15","slug":"expositions","status":"publish","type":"page","link":"https:\/\/www.rezeau.org\/wp-photo\/expositions\/","title":{"rendered":"Expositions"},"content":{"rendered":"<div>\n<div>\n<h2>Insectes du pays de Broc\u00e9liande<\/h2>\n<p>B\u00e9d\u00e9e (35), \u00e0 la Motte-F\u00e9odale,<b><i> <\/i><\/b>du 9 juin au 15 septembre 2015<\/p>\n<p><a href=\"http:\/\/www.ouest-france.fr\/bretagne\/bedee-35137\/les-insectes-de-broceliande-exposes-la-motte-feodale-3489799\">Article dans Ouest-France<\/a><\/p>\n<h2>Demoiselles et libellules au studio photo Fr\u00e9d\u00e9ric Verrier \u00e0 Monfort-sur-Meu.<\/h2>\n<p>Juin 2015<\/p>\n<p><a href=\"http:\/\/www.ouest-france.fr\/bretagne\/montfort-sur-meu-35160\/joseph-rezeau-expose-ses-cliches-macro-dinsectes-3470373\">Article dans Ouest-France<\/a><\/p>\n<h2>Libellules et Demoiselles \u00e0 Saint-Jacut-de-la-mer (22)<\/h2>\n<h3>Exposition personnelle \u00e0 l&rsquo;Abbaye du 15 mars au 30 avril 2014.<\/h3>\n<p><a href=\"http:\/\/www.ouest-france.fr\/libellules-et-demoiselles-de-joseph-rezeau-sexposent-2027022\">Article dans Ouest-France.<\/a><\/p>\n<p><a href=\"http:\/\/www.abbaye-st-jacut.com\/abbaye_saint_jacut.php\">Abbaye Saint-Jacut-de-la-mer<\/a><\/p>\n<p><img loading=\"lazy\" decoding=\"async\" class=\"size-full wp-image-260 alignnone\" src=\"http:\/\/www.rezeau.org\/wp-photo\/wp-content\/uploads\/2016\/01\/expo_saintjacut.jpg\" alt=\"expo_saintjacut\" width=\"452\" height=\"614\" srcset=\"https:\/\/www.rezeau.org\/wp-photo\/wp-content\/uploads\/2016\/01\/expo_saintjacut.jpg 452w, https:\/\/www.rezeau.org\/wp-photo\/wp-content\/uploads\/2016\/01\/expo_saintjacut-221x300.jpg 221w\" sizes=\"auto, (max-width: 452px) 100vw, 452px\" \/><\/p>\n<h2>2e Festival Art et Nature \u00e0 Paimpont (35)<\/h2>\n<h3>Septembre 2013.<\/h3>\n<p><a href=\"http:\/\/festivalartetnature.jimdo.com\/edition-2013\/\" target=\"_blank\">Site du festival (2013)<\/a><\/p>\n<p><img loading=\"lazy\" decoding=\"async\" class=\"size-full wp-image-263 alignnone\" src=\"http:\/\/www.rezeau.org\/wp-photo\/wp-content\/uploads\/2016\/01\/paimpont2013.png\" alt=\"paimpont2013\" width=\"379\" height=\"540\" srcset=\"https:\/\/www.rezeau.org\/wp-photo\/wp-content\/uploads\/2016\/01\/paimpont2013.png 379w, https:\/\/www.rezeau.org\/wp-photo\/wp-content\/uploads\/2016\/01\/paimpont2013-211x300.png 211w\" sizes=\"auto, (max-width: 379px) 100vw, 379px\" \/><\/p>\n<hr \/>\n<h2>Ateliers d&rsquo;artistes sous les halles : Dol de Bretagne (35)<\/h2>\n<h3>Exposition macrophotographies d&rsquo;insectes : juillet-ao\u00fbt 2012.<\/h3>\n<hr \/>\n<h2>Ecomus\u00e9e de Broc\u00e9liande : Montfort-sur-Meu (35)<\/h2>\n<h3>Exposition macrophotographies d&rsquo;insectes : Prolongation jusqu&rsquo;\u00e0 fin ao\u00fbt 2013.<\/h3>\n<p><a href=\"http:\/\/photo.rezeau.info\/_common\/img\/communiqu%C3%A9%20presse%20expo%20photo.pdf\" target=\"_blank\">Communiqu\u00e9 de presse (PDF)<\/a><\/p>\n<p><img loading=\"lazy\" decoding=\"async\" class=\"alignnone size-full wp-image-257\" src=\"http:\/\/www.rezeau.org\/wp-photo\/wp-content\/uploads\/2016\/01\/affiche.jpg\" alt=\"affiche\" width=\"382\" height=\"541\" srcset=\"https:\/\/www.rezeau.org\/wp-photo\/wp-content\/uploads\/2016\/01\/affiche.jpg 382w, https:\/\/www.rezeau.org\/wp-photo\/wp-content\/uploads\/2016\/01\/affiche-212x300.jpg 212w\" sizes=\"auto, (max-width: 382px) 100vw, 382px\" \/><\/p>\n<p><img loading=\"lazy\" decoding=\"async\" class=\"alignnone size-full wp-image-259\" src=\"http:\/\/www.rezeau.org\/wp-photo\/wp-content\/uploads\/2016\/01\/expo_ecomus\u00e9e_02.jpg\" alt=\"expo_ecomus\u00e9e_02\" width=\"900\" height=\"595\" srcset=\"https:\/\/www.rezeau.org\/wp-photo\/wp-content\/uploads\/2016\/01\/expo_ecomus\u00e9e_02.jpg 900w, https:\/\/www.rezeau.org\/wp-photo\/wp-content\/uploads\/2016\/01\/expo_ecomus\u00e9e_02-300x198.jpg 300w, https:\/\/www.rezeau.org\/wp-photo\/wp-content\/uploads\/2016\/01\/expo_ecomus\u00e9e_02-768x508.jpg 768w\" sizes=\"auto, (max-width: 480px) 65vw, (max-width: 768px) 67vw, (max-width: 999px) 62vw, 840px\" \/><\/p>\n<p>Inauguration le 15 mars 2012<\/p>\n<p><img loading=\"lazy\" decoding=\"async\" class=\"alignnone size-full wp-image-258\" src=\"http:\/\/www.rezeau.org\/wp-photo\/wp-content\/uploads\/2016\/01\/C-IMGP7646.jpg\" alt=\"C-IMGP7646\" width=\"1024\" height=\"683\" srcset=\"https:\/\/www.rezeau.org\/wp-photo\/wp-content\/uploads\/2016\/01\/C-IMGP7646.jpg 1024w, https:\/\/www.rezeau.org\/wp-photo\/wp-content\/uploads\/2016\/01\/C-IMGP7646-300x200.jpg 300w, https:\/\/www.rezeau.org\/wp-photo\/wp-content\/uploads\/2016\/01\/C-IMGP7646-768x512.jpg 768w\" sizes=\"auto, (max-width: 480px) 65vw, (max-width: 768px) 67vw, (max-width: 999px) 62vw, 840px\" \/><\/p>\n<hr \/>\n<h2>Le Tronchet (35) :: l&rsquo;Abbaye des arts :: \u00e9t\u00e9 2011<\/h2>\n<p><img loading=\"lazy\" decoding=\"async\" class=\"alignnone size-full wp-image-262\" src=\"http:\/\/www.rezeau.org\/wp-photo\/wp-content\/uploads\/2016\/01\/letronchetpatrimoinebandeau.jpg\" alt=\"letronchetpatrimoinebandeau\" width=\"726\" height=\"68\" srcset=\"https:\/\/www.rezeau.org\/wp-photo\/wp-content\/uploads\/2016\/01\/letronchetpatrimoinebandeau.jpg 726w, https:\/\/www.rezeau.org\/wp-photo\/wp-content\/uploads\/2016\/01\/letronchetpatrimoinebandeau-300x28.jpg 300w\" sizes=\"auto, (max-width: 726px) 100vw, 726px\" \/><\/p>\n<p>R\u00e9sidence d&rsquo;artistes. Exposition \u00ab\u00a0macrophotographie\u00a0\u00bb du 17 juillet au 15 ao\u00fbt 2011.<\/p>\n<p><strong>R\u00e9sultat du tierc\u00e9 du public.<\/strong><\/p>\n<p>Les visiteurs ont \u00e9t\u00e9 invit\u00e9s \u00e0 voter pour leurs 3 photographies pr\u00e9f\u00e9r\u00e9es parmi les 20 expos\u00e9es. Il y a eu<span class=\"Apple-converted-space\">\u00a0<\/span><strong>63 votants<\/strong>. En attribuant 1 point aux photos class\u00e9es 3e\u00a0; 2 points aux photos class\u00e9es 2e et 3 points aux photos class\u00e9es en premi\u00e8re position, les r\u00e9sultats sont les suivants\u00a0:<\/p>\n<ul>\n<li>la photo n\u00b0 06 (Coccinelle) a \u00e9t\u00e9 class\u00e9e premi\u00e8re avec 66 points\u00a0;<\/li>\n<li>la photo n\u00b0 07 (Coeur de pissenlit) deuxi\u00e8me avec 59 points<\/li>\n<li>et la photo n\u00b0 20 (Fleur de pavot avec son \u00e9charpe dans le vent) troisi\u00e8me avec 52 points.<\/li>\n<\/ul>\n<p><img loading=\"lazy\" decoding=\"async\" class=\"alignnone size-full wp-image-261\" src=\"http:\/\/www.rezeau.org\/wp-photo\/wp-content\/uploads\/2016\/01\/expo_tronchet_tierc\u00e9_r\u00e9sultats.jpg\" alt=\"expo_tronchet_tierc\u00e9_r\u00e9sultats\" width=\"935\" height=\"663\" srcset=\"https:\/\/www.rezeau.org\/wp-photo\/wp-content\/uploads\/2016\/01\/expo_tronchet_tierc\u00e9_r\u00e9sultats.jpg 935w, https:\/\/www.rezeau.org\/wp-photo\/wp-content\/uploads\/2016\/01\/expo_tronchet_tierc\u00e9_r\u00e9sultats-300x213.jpg 300w, https:\/\/www.rezeau.org\/wp-photo\/wp-content\/uploads\/2016\/01\/expo_tronchet_tierc\u00e9_r\u00e9sultats-768x545.jpg 768w\" sizes=\"auto, (max-width: 480px) 65vw, (max-width: 768px) 67vw, (max-width: 999px) 62vw, 840px\" \/><\/p>\n<\/div>\n<\/div>\n","protected":false},"excerpt":{"rendered":"<p>Insectes du pays de Broc\u00e9liande B\u00e9d\u00e9e (35), \u00e0 la Motte-F\u00e9odale, du 9 juin au 15 septembre 2015 Article dans Ouest-France Demoiselles et libellules au studio photo Fr\u00e9d\u00e9ric Verrier \u00e0 Monfort-sur-Meu. Juin 2015 Article dans Ouest-France Libellules et Demoiselles \u00e0 Saint-Jacut-de-la-mer (22) Exposition personnelle \u00e0 l&rsquo;Abbaye du 15 mars au 30 avril 2014. Article dans Ouest-France.\u2026<\/p>\n","protected":false},"author":1,"featured_media":0,"parent":0,"menu_order":0,"comment_status":"closed","ping_status":"closed","template":"template-full-width.php","meta":{"ngg_post_thumbnail":0,"footnotes":""},"class_list":["post-74","page","type-page","status-publish","hentry"],"_links":{"self":[{"href":"https:\/\/www.rezeau.org\/wp-photo\/wp-json\/wp\/v2\/pages\/74","targetHints":{"allow":["GET"]}}],"collection":[{"href":"https:\/\/www.rezeau.org\/wp-photo\/wp-json\/wp\/v2\/pages"}],"about":[{"href":"https:\/\/www.rezeau.org\/wp-photo\/wp-json\/wp\/v2\/types\/page"}],"author":[{"embeddable":true,"href":"https:\/\/www.rezeau.org\/wp-photo\/wp-json\/wp\/v2\/users\/1"}],"replies":[{"embeddable":true,"href":"https:\/\/www.rezeau.org\/wp-photo\/wp-json\/wp\/v2\/comments?post=74"}],"version-history":[{"count":3,"href":"https:\/\/www.rezeau.org\/wp-photo\/wp-json\/wp\/v2\/pages\/74\/revisions"}],"predecessor-version":[{"id":278,"href":"https:\/\/www.rezeau.org\/wp-photo\/wp-json\/wp\/v2\/pages\/74\/revisions\/278"}],"wp:attachment":[{"href":"https:\/\/www.rezeau.org\/wp-photo\/wp-json\/wp\/v2\/media?parent=74"}],"curies":[{"name":"wp","href":"https:\/\/api.w.org\/{rel}","templated":true}]}}